{"id":1363,"date":"2025-05-01T18:18:43","date_gmt":"2025-05-01T18:18:43","guid":{"rendered":"https:\/\/janine-weikum.de\/?page_id=1363"},"modified":"2025-05-13T15:17:55","modified_gmt":"2025-05-13T15:17:55","slug":"fussmassage-2","status":"publish","type":"page","link":"https:\/\/janine-weikum.de\/?page_id=1363","title":{"rendered":"Fu\u00dfmassage\/Preise"},"content":{"rendered":"\t\t<div data-elementor-type=\"wp-page\" data-elementor-id=\"1363\" class=\"elementor elementor-1363\" data-elementor-post-type=\"page\">\n\t\t\t\t<div class=\"elementor-element elementor-element-60d1cf9 e-flex e-con-boxed e-con e-parent\" data-id=\"60d1cf9\" data-element_type=\"container\" data-settings=\"{&quot;background_background&quot;:&quot;classic&quot;}\">\n\t\t\t\t\t<div class=\"e-con-inner\">\n\t\t<div class=\"elementor-element elementor-element-b18fadd e-con-full e-flex e-con e-child\" data-id=\"b18fadd\" data-element_type=\"container\">\n\t\t\t\t<div class=\"elementor-element elementor-element-85e4fa7 elementor-widget elementor-widget-spacer\" data-id=\"85e4fa7\" data-element_type=\"widget\" data-widget_type=\"spacer.default\">\n\t\t\t\t<div class=\"elementor-widget-container\">\n\t\t\t\t\t\t\t<div class=\"elementor-spacer\">\n\t\t\t<div class=\"elementor-spacer-inner\"><\/div>\n\t\t<\/div>\n\t\t\t\t\t\t<\/div>\n\t\t\t\t<\/div>\n\t\t\t\t<div class=\"elementor-element elementor-element-d246a81 elementor-widget elementor-widget-heading\" data-id=\"d246a81\" data-element_type=\"widget\" data-widget_type=\"heading.default\">\n\t\t\t\t<div class=\"elementor-widget-container\">\n\t\t\t\t\t<h2 class=\"elementor-heading-title elementor-size-default\">Fu\u00dfmassage \u2013 Ankommen, loslassen, neue Kraft sp\u00fcren<\/h2>\t\t\t\t<\/div>\n\t\t\t\t<\/div>\n\t\t<div class=\"elementor-element elementor-element-5449a58 e-con-full e-flex e-con e-child\" data-id=\"5449a58\" data-element_type=\"container\">\n\t\t\t\t<div class=\"elementor-element elementor-element-bacfdeb elementor-widget elementor-widget-text-editor\" data-id=\"bacfdeb\" data-element_type=\"widget\" data-widget_type=\"text-editor.default\">\n\t\t\t\t<div class=\"elementor-widget-container\">\n\t\t\t\t\t\t\t\t\t<p><span style=\"font-weight: 400;\">Unsere F\u00fc\u00dfe tragen uns durchs Leben \u2013 Tag f\u00fcr Tag, Schritt f\u00fcr Schritt. Oft schenken wir ihnen viel zu wenig Aufmerksamkeit. Dabei steckt in ihnen so viel mehr: \u00dcber die Reflexzonen lassen sich nicht nur Verspannungen l\u00f6sen, sondern auch der ganze K\u00f6rper wieder in Balance bringen.<\/span><\/p>\n<p><span style=\"font-weight: 400;\">In meinen Fu\u00dfmassagen darfst du einfach mal ankommen. Nichts tun m\u00fcssen. Nur sp\u00fcren. Ich arbeite achtsam und mit viel Feingef\u00fchl \u2013 jede Ber\u00fchrung ist eine Einladung an deinen K\u00f6rper, loszulassen und neue Energie zu sch\u00f6pfen.<\/span><\/p>\n<p><span style=\"font-weight: 400;\">Die Massage wirkt nicht nur wohltuend auf m\u00fcde F\u00fc\u00dfe, sondern kann auch innere Unruhe, Stress, Kopf -und&nbsp; Verdauungsbeschwerden uvm. beeinflussen.<\/span><\/p>\n<p><span style=\"font-weight: 400;\">Vielleicht w\u00fcnschst du dir einfach eine Auszeit vom Alltag. Vielleicht merkst du, dass dein K\u00f6rper nach mehr Ruhe ruft. Oder du m\u00f6chtest deine Selbstheilungskr\u00e4fte gezielt unterst\u00fctzen. Ganz egal, mit welchem Wunsch du kommst: Ich bin&nbsp; f\u00fcr DICH da<\/span><span style=\"font-weight: 400;\"><br><\/span><span style=\"font-weight: 400;\"><br><\/span><span style=\"font-weight: 400;\">Wenn du das Gef\u00fchl hast, dass dir eine kleine Auszeit gut tun w\u00fcrde, oder wenn du Fragen hast \u2013 schreib mir einfach.<\/span><span style=\"font-weight: 400;\"><br><\/span><span style=\"font-weight: 400;\"> Ich nehme mir gerne Zeit f\u00fcr dich.<\/span><\/p>\n<p><b>Dauer: 50 Minuten<\/b> <span style=\"font-weight: 400;\"><br><\/span><b>Ausgleich: 63\u202fEuro<\/b><span style=\"font-weight: 400;\">.<\/span><b><br><\/b><\/p>\t\t\t\t\t\t\t\t<\/div>\n\t\t\t\t<\/div>\n\t\t\t\t<\/div>\n\t\t<div class=\"elementor-element elementor-element-e864eb4 e-con-full e-flex e-con e-child\" data-id=\"e864eb4\" data-element_type=\"container\">\n\t\t\t\t<div class=\"elementor-element elementor-element-9f19ee3 elementor-widget elementor-widget-heading\" data-id=\"9f19ee3\" data-element_type=\"widget\" data-widget_type=\"heading.default\">\n\t\t\t\t<div class=\"elementor-widget-container\">\n\t\t\t\t\t<h2 class=\"elementor-heading-title elementor-size-default\">Auch Kinderf\u00fc\u00dfe wollen massiert werden<\/h2>\t\t\t\t<\/div>\n\t\t\t\t<\/div>\n\t\t\t\t<div class=\"elementor-element elementor-element-2b3fd0e elementor-widget elementor-widget-text-editor\" data-id=\"2b3fd0e\" data-element_type=\"widget\" data-widget_type=\"text-editor.default\">\n\t\t\t\t<div class=\"elementor-widget-container\">\n\t\t\t\t\t\t\t\t\t<p><span style=\"font-weight: 400; color: #ffffff;\">Manchmal ist einfach alles zu viel \u2013 der Bauch zwickt, die Schule stresst oder der Kopf ist voll. Eine kleine Fu\u00dfmassage kann da richtig gut tun. Sie hilft, den K\u00f6rper zu entspannen, den Bauch zu beruhigen und einfach mal durchzuatmen.<\/span><\/p><p><span style=\"font-weight: 400; color: #ffffff;\">Mit liebevollen Ber\u00fchrungen und ganz viel Ruhe schaffe ich einen kleinen Wohlf\u00fchlmoment \u2013 nur f\u00fcr dein Kind. Oft sp\u00fcren Kinder schon nach kurzer Zeit, wie sie ruhiger werden, besser schlafen oder sich einfach wieder wohler f\u00fchlen.<\/span><\/p><p><span style=\"color: #ffffff;\"><b>Dauer: 30 Minuten<\/b><b><br \/><\/b><b>Ausgleich: 36 Euro<\/b><\/span><\/p><p><span style=\"color: #ffffff;\"><span style=\"font-weight: 400;\">Wenn du Fragen hast oder einen Termin f\u00fcr dein Kind vereinbaren m\u00f6chtest, melde dich gern bei mir.<\/span><span style=\"font-weight: 400;\"><br \/><\/span><span style=\"font-weight: 400;\"><br \/><\/span><span style=\"font-weight: 400;\">Ich freue mich auf kleine und gro\u00dfe F\u00fc\u00dfe!<\/span><\/span><\/p>\t\t\t\t\t\t\t\t<\/div>\n\t\t\t\t<\/div>\n\t\t\t\t<div class=\"elementor-element elementor-element-3eb6b24 elementor-align-center elementor-widget elementor-widget-button\" data-id=\"3eb6b24\" data-element_type=\"widget\" data-widget_type=\"button.default\">\n\t\t\t\t<div class=\"elementor-widget-container\">\n\t\t\t\t\t\t\t\t\t<div class=\"elementor-button-wrapper\">\n\t\t\t\t\t<a class=\"elementor-button elementor-button-link elementor-size-sm\" href=\"https:\/\/janine-weikum.de\/?page_id=1371\">\n\t\t\t\t\t\t<span class=\"elementor-button-content-wrapper\">\n\t\t\t\t\t\t<span class=\"elementor-button-icon\">\n\t\t\t\t<svg aria-hidden=\"true\" class=\"e-font-icon-svg e-far-arrow-alt-circle-right\" viewBox=\"0 0 512 512\" xmlns=\"http:\/\/www.w3.org\/2000\/svg\"><path d=\"M504 256C504 119 393 8 256 8S8 119 8 256s111 248 248 248 248-111 248-248zm-448 0c0-110.5 89.5-200 200-200s200 89.5 200 200-89.5 200-200 200S56 366.5 56 256zm72 20v-40c0-6.6 5.4-12 12-12h116v-67c0-10.7 12.9-16 20.5-8.5l99 99c4.7 4.7 4.7 12.3 0 17l-99 99c-7.6 7.6-20.5 2.2-20.5-8.5v-67H140c-6.6 0-12-5.4-12-12z\"><\/path><\/svg>\t\t\t<\/span>\n\t\t\t\t\t\t\t\t\t<span class=\"elementor-button-text\">Buche jetzt deine Fu\u00dfmassage<\/span>\n\t\t\t\t\t<\/span>\n\t\t\t\t\t<\/a>\n\t\t\t\t<\/div>\n\t\t\t\t\t\t\t\t<\/div>\n\t\t\t\t<\/div>\n\t\t\t\t<div class=\"elementor-element elementor-element-0553dbf elementor-widget elementor-widget-image\" data-id=\"0553dbf\" data-element_type=\"widget\" data-widget_type=\"image.default\">\n\t\t\t\t<div class=\"elementor-widget-container\">\n\t\t\t\t\t\t\t\t\t\t\t\t\t\t\t<img fetchpriority=\"high\" decoding=\"async\" width=\"820\" height=\"312\" src=\"https:\/\/janine-weikum.de\/wp-content\/uploads\/2022\/05\/Fussmassage3-1-820x312-1.png\" class=\"attachment-large size-large wp-image-711\" alt=\"\" srcset=\"https:\/\/janine-weikum.de\/wp-content\/uploads\/2022\/05\/Fussmassage3-1-820x312-1.png 820w, https:\/\/janine-weikum.de\/wp-content\/uploads\/2022\/05\/Fussmassage3-1-820x312-1-300x114.png 300w, https:\/\/janine-weikum.de\/wp-content\/uploads\/2022\/05\/Fussmassage3-1-820x312-1-768x292.png 768w\" sizes=\"(max-width: 820px) 100vw, 820px\" \/>\t\t\t\t\t\t\t\t\t\t\t\t\t\t\t<\/div>\n\t\t\t\t<\/div>\n\t\t\t\t<\/div>\n\t\t\t\t<\/div>\n\t\t\t\t\t<\/div>\n\t\t\t\t<\/div>\n\t\t<div class=\"elementor-element elementor-element-1af77b5 e-flex e-con-boxed e-con e-parent\" data-id=\"1af77b5\" data-element_type=\"container\">\n\t\t\t\t\t<div class=\"e-con-inner\">\n\t\t\t\t\t<\/div>\n\t\t\t\t<\/div>\n\t\t\t\t<\/div>\n\t\t","protected":false},"excerpt":{"rendered":"<p>Fu\u00dfmassage \u2013 Ankommen, loslassen, neue Kraft sp\u00fcren Unsere F\u00fc\u00dfe tragen uns durchs Leben \u2013 Tag f\u00fcr Tag, Schritt f\u00fcr Schritt. Oft schenken wir ihnen viel zu wenig Aufmerksamkeit. Dabei steckt in ihnen so viel mehr: \u00dcber die Reflexzonen lassen sich nicht nur Verspannungen l\u00f6sen, sondern auch der ganze K\u00f6rper wieder in Balance bringen. In meinen [&hellip;]<\/p>\n","protected":false},"author":1,"featured_media":0,"parent":0,"menu_order":0,"comment_status":"closed","ping_status":"closed","template":"","meta":{"footnotes":""},"class_list":["post-1363","page","type-page","status-publish","hentry","entry"],"yoast_head":"<!-- This site is optimized with the Yoast SEO plugin v25.2 - https:\/\/yoast.com\/wordpress\/plugins\/seo\/ -->\n<title>Fu\u00dfmassage\/Preise - \u201eEntspanne mit Yoga und Fu\u00dfmassage \u2013 f\u00fcr ein rundum wohltuendes K\u00f6rpergef\u00fchl und mehr Ausgeglichenheit.\u201c<\/title>\n<meta name=\"robots\" content=\"index, follow, max-snippet:-1, max-image-preview:large, max-video-preview:-1\" \/>\n<link rel=\"canonical\" href=\"https:\/\/janine-weikum.de\/?page_id=1363\" \/>\n<meta property=\"og:locale\" content=\"de_DE\" \/>\n<meta property=\"og:type\" content=\"article\" \/>\n<meta property=\"og:title\" content=\"Fu\u00dfmassage\/Preise - \u201eEntspanne mit Yoga und Fu\u00dfmassage \u2013 f\u00fcr ein rundum wohltuendes K\u00f6rpergef\u00fchl und mehr Ausgeglichenheit.\u201c\" \/>\n<meta property=\"og:description\" content=\"Fu\u00dfmassage \u2013 Ankommen, loslassen, neue Kraft sp\u00fcren Unsere F\u00fc\u00dfe tragen uns durchs Leben \u2013 Tag f\u00fcr Tag, Schritt f\u00fcr Schritt. Oft schenken wir ihnen viel zu wenig Aufmerksamkeit. Dabei steckt in ihnen so viel mehr: \u00dcber die Reflexzonen lassen sich nicht nur Verspannungen l\u00f6sen, sondern auch der ganze K\u00f6rper wieder in Balance bringen. In meinen [&hellip;]\" \/>\n<meta property=\"og:url\" content=\"https:\/\/janine-weikum.de\/?page_id=1363\" \/>\n<meta property=\"og:site_name\" content=\"\u201eEntspanne mit Yoga und Fu\u00dfmassage \u2013 f\u00fcr ein rundum wohltuendes K\u00f6rpergef\u00fchl und mehr Ausgeglichenheit.\u201c\" \/>\n<meta property=\"article:modified_time\" content=\"2025-05-13T15:17:55+00:00\" \/>\n<meta property=\"og:image\" content=\"https:\/\/janine-weikum.de\/wp-content\/uploads\/2022\/05\/Fussmassage3-1-820x312-1.png\" \/>\n\t<meta property=\"og:image:width\" content=\"820\" \/>\n\t<meta property=\"og:image:height\" content=\"312\" \/>\n\t<meta property=\"og:image:type\" content=\"image\/png\" \/>\n<meta name=\"twitter:card\" content=\"summary_large_image\" \/>\n<meta name=\"twitter:label1\" content=\"Gesch\u00e4tzte Lesezeit\" \/>\n\t<meta name=\"twitter:data1\" content=\"2\u00a0Minuten\" \/>\n<script type=\"application\/ld+json\" class=\"yoast-schema-graph\">{\"@context\":\"https:\/\/schema.org\",\"@graph\":[{\"@type\":\"WebPage\",\"@id\":\"https:\/\/janine-weikum.de\/?page_id=1363\",\"url\":\"https:\/\/janine-weikum.de\/?page_id=1363\",\"name\":\"Fu\u00dfmassage\/Preise - \u201eEntspanne mit Yoga und Fu\u00dfmassage \u2013 f\u00fcr ein rundum wohltuendes K\u00f6rpergef\u00fchl und mehr Ausgeglichenheit.\u201c\",\"isPartOf\":{\"@id\":\"https:\/\/janine-weikum.de\/#website\"},\"primaryImageOfPage\":{\"@id\":\"https:\/\/janine-weikum.de\/?page_id=1363#primaryimage\"},\"image\":{\"@id\":\"https:\/\/janine-weikum.de\/?page_id=1363#primaryimage\"},\"thumbnailUrl\":\"https:\/\/janine-weikum.de\/wp-content\/uploads\/2022\/05\/Fussmassage3-1-820x312-1.png\",\"datePublished\":\"2025-05-01T18:18:43+00:00\",\"dateModified\":\"2025-05-13T15:17:55+00:00\",\"breadcrumb\":{\"@id\":\"https:\/\/janine-weikum.de\/?page_id=1363#breadcrumb\"},\"inLanguage\":\"de\",\"potentialAction\":[{\"@type\":\"ReadAction\",\"target\":[\"https:\/\/janine-weikum.de\/?page_id=1363\"]}]},{\"@type\":\"ImageObject\",\"inLanguage\":\"de\",\"@id\":\"https:\/\/janine-weikum.de\/?page_id=1363#primaryimage\",\"url\":\"https:\/\/janine-weikum.de\/wp-content\/uploads\/2022\/05\/Fussmassage3-1-820x312-1.png\",\"contentUrl\":\"https:\/\/janine-weikum.de\/wp-content\/uploads\/2022\/05\/Fussmassage3-1-820x312-1.png\",\"width\":820,\"height\":312},{\"@type\":\"BreadcrumbList\",\"@id\":\"https:\/\/janine-weikum.de\/?page_id=1363#breadcrumb\",\"itemListElement\":[{\"@type\":\"ListItem\",\"position\":1,\"name\":\"Startseite\",\"item\":\"https:\/\/janine-weikum.de\/\"},{\"@type\":\"ListItem\",\"position\":2,\"name\":\"Fu\u00dfmassage\/Preise\"}]},{\"@type\":\"WebSite\",\"@id\":\"https:\/\/janine-weikum.de\/#website\",\"url\":\"https:\/\/janine-weikum.de\/\",\"name\":\"\u201eEntspanne mit Yoga und Fu\u00dfmassage \u2013 f\u00fcr ein rundum wohltuendes K\u00f6rpergef\u00fchl und mehr Ausgeglichenheit.\u201c\",\"description\":\"Barfuss im Gleichgewicht \",\"publisher\":{\"@id\":\"https:\/\/janine-weikum.de\/#\/schema\/person\/c6c8e4b6f667602a7903f623dd37299c\"},\"alternateName\":\"barfuss Yoga + Fu\u00dfmassage\",\"potentialAction\":[{\"@type\":\"SearchAction\",\"target\":{\"@type\":\"EntryPoint\",\"urlTemplate\":\"https:\/\/janine-weikum.de\/?s={search_term_string}\"},\"query-input\":{\"@type\":\"PropertyValueSpecification\",\"valueRequired\":true,\"valueName\":\"search_term_string\"}}],\"inLanguage\":\"de\"},{\"@type\":[\"Person\",\"Organization\"],\"@id\":\"https:\/\/janine-weikum.de\/#\/schema\/person\/c6c8e4b6f667602a7903f623dd37299c\",\"name\":\"73935981\",\"image\":{\"@type\":\"ImageObject\",\"inLanguage\":\"de\",\"@id\":\"https:\/\/janine-weikum.de\/#\/schema\/person\/image\/\",\"url\":\"https:\/\/janine-weikum.de\/wp-content\/uploads\/2016\/11\/Logos_Allg.png\",\"contentUrl\":\"https:\/\/janine-weikum.de\/wp-content\/uploads\/2016\/11\/Logos_Allg.png\",\"width\":420,\"height\":420,\"caption\":\"73935981\"},\"logo\":{\"@id\":\"https:\/\/janine-weikum.de\/#\/schema\/person\/image\/\"},\"sameAs\":[\"https:\/\/www.instagram.com\/barfuss_yoga\/\"]}]}<\/script>\n<!-- \/ Yoast SEO plugin. -->","yoast_head_json":{"title":"Fu\u00dfmassage\/Preise - \u201eEntspanne mit Yoga und Fu\u00dfmassage \u2013 f\u00fcr ein rundum wohltuendes K\u00f6rpergef\u00fchl und mehr Ausgeglichenheit.\u201c","robots":{"index":"index","follow":"follow","max-snippet":"max-snippet:-1","max-image-preview":"max-image-preview:large","max-video-preview":"max-video-preview:-1"},"canonical":"https:\/\/janine-weikum.de\/?page_id=1363","og_locale":"de_DE","og_type":"article","og_title":"Fu\u00dfmassage\/Preise - \u201eEntspanne mit Yoga und Fu\u00dfmassage \u2013 f\u00fcr ein rundum wohltuendes K\u00f6rpergef\u00fchl und mehr Ausgeglichenheit.\u201c","og_description":"Fu\u00dfmassage \u2013 Ankommen, loslassen, neue Kraft sp\u00fcren Unsere F\u00fc\u00dfe tragen uns durchs Leben \u2013 Tag f\u00fcr Tag, Schritt f\u00fcr Schritt. Oft schenken wir ihnen viel zu wenig Aufmerksamkeit. Dabei steckt in ihnen so viel mehr: \u00dcber die Reflexzonen lassen sich nicht nur Verspannungen l\u00f6sen, sondern auch der ganze K\u00f6rper wieder in Balance bringen. In meinen [&hellip;]","og_url":"https:\/\/janine-weikum.de\/?page_id=1363","og_site_name":"\u201eEntspanne mit Yoga und Fu\u00dfmassage \u2013 f\u00fcr ein rundum wohltuendes K\u00f6rpergef\u00fchl und mehr Ausgeglichenheit.\u201c","article_modified_time":"2025-05-13T15:17:55+00:00","og_image":[{"width":820,"height":312,"url":"https:\/\/janine-weikum.de\/wp-content\/uploads\/2022\/05\/Fussmassage3-1-820x312-1.png","type":"image\/png"}],"twitter_card":"summary_large_image","twitter_misc":{"Gesch\u00e4tzte Lesezeit":"2\u00a0Minuten"},"schema":{"@context":"https:\/\/schema.org","@graph":[{"@type":"WebPage","@id":"https:\/\/janine-weikum.de\/?page_id=1363","url":"https:\/\/janine-weikum.de\/?page_id=1363","name":"Fu\u00dfmassage\/Preise - \u201eEntspanne mit Yoga und Fu\u00dfmassage \u2013 f\u00fcr ein rundum wohltuendes K\u00f6rpergef\u00fchl und mehr Ausgeglichenheit.\u201c","isPartOf":{"@id":"https:\/\/janine-weikum.de\/#website"},"primaryImageOfPage":{"@id":"https:\/\/janine-weikum.de\/?page_id=1363#primaryimage"},"image":{"@id":"https:\/\/janine-weikum.de\/?page_id=1363#primaryimage"},"thumbnailUrl":"https:\/\/janine-weikum.de\/wp-content\/uploads\/2022\/05\/Fussmassage3-1-820x312-1.png","datePublished":"2025-05-01T18:18:43+00:00","dateModified":"2025-05-13T15:17:55+00:00","breadcrumb":{"@id":"https:\/\/janine-weikum.de\/?page_id=1363#breadcrumb"},"inLanguage":"de","potentialAction":[{"@type":"ReadAction","target":["https:\/\/janine-weikum.de\/?page_id=1363"]}]},{"@type":"ImageObject","inLanguage":"de","@id":"https:\/\/janine-weikum.de\/?page_id=1363#primaryimage","url":"https:\/\/janine-weikum.de\/wp-content\/uploads\/2022\/05\/Fussmassage3-1-820x312-1.png","contentUrl":"https:\/\/janine-weikum.de\/wp-content\/uploads\/2022\/05\/Fussmassage3-1-820x312-1.png","width":820,"height":312},{"@type":"BreadcrumbList","@id":"https:\/\/janine-weikum.de\/?page_id=1363#breadcrumb","itemListElement":[{"@type":"ListItem","position":1,"name":"Startseite","item":"https:\/\/janine-weikum.de\/"},{"@type":"ListItem","position":2,"name":"Fu\u00dfmassage\/Preise"}]},{"@type":"WebSite","@id":"https:\/\/janine-weikum.de\/#website","url":"https:\/\/janine-weikum.de\/","name":"\u201eEntspanne mit Yoga und Fu\u00dfmassage \u2013 f\u00fcr ein rundum wohltuendes K\u00f6rpergef\u00fchl und mehr Ausgeglichenheit.\u201c","description":"Barfuss im Gleichgewicht ","publisher":{"@id":"https:\/\/janine-weikum.de\/#\/schema\/person\/c6c8e4b6f667602a7903f623dd37299c"},"alternateName":"barfuss Yoga + Fu\u00dfmassage","potentialAction":[{"@type":"SearchAction","target":{"@type":"EntryPoint","urlTemplate":"https:\/\/janine-weikum.de\/?s={search_term_string}"},"query-input":{"@type":"PropertyValueSpecification","valueRequired":true,"valueName":"search_term_string"}}],"inLanguage":"de"},{"@type":["Person","Organization"],"@id":"https:\/\/janine-weikum.de\/#\/schema\/person\/c6c8e4b6f667602a7903f623dd37299c","name":"73935981","image":{"@type":"ImageObject","inLanguage":"de","@id":"https:\/\/janine-weikum.de\/#\/schema\/person\/image\/","url":"https:\/\/janine-weikum.de\/wp-content\/uploads\/2016\/11\/Logos_Allg.png","contentUrl":"https:\/\/janine-weikum.de\/wp-content\/uploads\/2016\/11\/Logos_Allg.png","width":420,"height":420,"caption":"73935981"},"logo":{"@id":"https:\/\/janine-weikum.de\/#\/schema\/person\/image\/"},"sameAs":["https:\/\/www.instagram.com\/barfuss_yoga\/"]}]}},"_links":{"self":[{"href":"https:\/\/janine-weikum.de\/index.php?rest_route=\/wp\/v2\/pages\/1363","targetHints":{"allow":["GET"]}}],"collection":[{"href":"https:\/\/janine-weikum.de\/index.php?rest_route=\/wp\/v2\/pages"}],"about":[{"href":"https:\/\/janine-weikum.de\/index.php?rest_route=\/wp\/v2\/types\/page"}],"author":[{"embeddable":true,"href":"https:\/\/janine-weikum.de\/index.php?rest_route=\/wp\/v2\/users\/1"}],"replies":[{"embeddable":true,"href":"https:\/\/janine-weikum.de\/index.php?rest_route=%2Fwp%2Fv2%2Fcomments&post=1363"}],"version-history":[{"count":41,"href":"https:\/\/janine-weikum.de\/index.php?rest_route=\/wp\/v2\/pages\/1363\/revisions"}],"predecessor-version":[{"id":2189,"href":"https:\/\/janine-weikum.de\/index.php?rest_route=\/wp\/v2\/pages\/1363\/revisions\/2189"}],"wp:attachment":[{"href":"https:\/\/janine-weikum.de\/index.php?rest_route=%2Fwp%2Fv2%2Fmedia&parent=1363"}],"curies":[{"name":"wp","href":"https:\/\/api.w.org\/{rel}","templated":true}]}}